{"id":4559338,"date":"2026-04-30T18:53:11","date_gmt":"2026-04-30T22:53:11","guid":{"rendered":"https:\/\/prideatwork.ca\/event\/montreal-propride-2026\/"},"modified":"2026-04-30T18:57:52","modified_gmt":"2026-04-30T22:57:52","slug":"montreal-propride-2026","status":"publish","type":"tribe_events","link":"https:\/\/prideatwork.ca\/fr\/event\/montreal-propride-2026\/","title":{"rendered":"Montreal ProPride 2026"},"content":{"rendered":"<p><img loading=\"lazy\" decoding=\"async\" class=\"aligncenter wp-image-4559336 size-full\" src=\"https:\/\/prideatwork.ca\/wp-content\/uploads\/2026\/04\/Montreal-2026-STD-FR.png\" alt=\"\" width=\"1200\" height=\"675\" srcset=\"https:\/\/prideatwork.ca\/wp-content\/uploads\/2026\/04\/Montreal-2026-STD-FR.png 1200w, https:\/\/prideatwork.ca\/wp-content\/uploads\/2026\/04\/Montreal-2026-STD-FR-450x253.png 450w, https:\/\/prideatwork.ca\/wp-content\/uploads\/2026\/04\/Montreal-2026-STD-FR-1170x658.png 1170w, https:\/\/prideatwork.ca\/wp-content\/uploads\/2026\/04\/Montreal-2026-STD-FR-750x422.png 750w\" sizes=\"auto, (max-width: 180px) 180px, (max-width: 450px) 450px, (max-width: 750px) 750px, (max-width: 1170px) 1170px, (max-width: 1440px) 1440px, (max-width: 1920px) 1920px, 1200px\" \/><\/p>\n<p>5 ao\u00fbt, 2026 | 16h30 \u00e1 21h30 HAE<\/p>\n<p>Fiert\u00e9 au travail vous convie \u00e0 une soir\u00e9e de r\u00e9seautage consacr\u00e9e \u00e0 la promotion des droits des personnes 2SLGBTQIA+ et \u00e0 la favorisation de milieux de travail inclusifs. Cet \u00e9v\u00e8nement rassemblera des professionnel\u00b7les, des membres de la communaut\u00e9 et des personnes en recherche d\u2019emploi provenant de secteurs d\u2019activit\u00e9 et d\u2019horizons divers pour partager des exp\u00e9riences, \u00e9changer des id\u00e9es et \u00e9tablir des liens.<\/p>\n<p><strong>B\u00e2tir des futurs queers<\/strong> est le th\u00e8me de la s\u00e9rie ProFiert\u00e9 2026 de Fiert\u00e9 au travail Canada, qui vise \u00e0 aider les organismes et individus \u00e0 transformer les intentions en effets durables. Alors que les changements sociaux, politiques et professionnels se multiplient, cette s\u00e9rie soul\u00e8ve une question essentielle : comment d\u00e9velopper des lieux de travail qui permettent aux personnes 2SLGBTQIA+ d\u2019appartenir aujourd\u2019hui et de fa\u00e7onner l\u2019avenir?<\/p>\n<p><em>B\u00e2tir des futurs queers<\/em> analysera, de mani\u00e8re prospective et syst\u00e9mique, comment le pouvoir, la politique, le leadership et la culture se recoupent et influencent les exp\u00e9riences et perspectives des personnes bispirituelles, queers et trans au travail. Cette s\u00e9rie de s\u00e9ances \u00e9ducatives s\u2019articulera autour de strat\u00e9gies pratiques visant \u00e0 renforcer l\u2019inclusion \u00e0 tous les stades du cycle de vie des employ\u00e9\u00b7es, \u00e0 faire progresser l\u2019\u00e9quit\u00e9 intersectionnelle et \u00e0 inscrire la responsabilit\u00e9 dans la prise de d\u00e9cision organisationnelle.<\/p>\n<p>Con\u00e7ue pour les leaders, les sp\u00e9cialistes des RH et de l\u2019EDI, les membres de groupes de ressources pour employ\u00e9\u00b7es et toute personne contribuant au d\u00e9veloppement d\u2019un espace pour les personnes 2SLGBTQIA+ au travail, la s\u00e9rie B\u00e2tir des futurs queers invite \u00e0 voir plus loin que les initiatives \u00e0 court terme et \u00e0 s\u2019engager \u00e0 cr\u00e9er des lieux de travail r\u00e9silients, \u00e9quitables et empreints des voix des personnes 2SLGBTQIA+, aujourd\u2019hui et pour demain.<\/p>\n","protected":false},"excerpt":{"rendered":"<p>5 ao\u00fbt, 2026 | 16h30 \u00e1 21h30 HAE Fiert\u00e9 au travail vous convie \u00e0 une soir\u00e9e de r\u00e9seautage consacr\u00e9e \u00e0 la promotion des droits des personnes 2SLGBTQIA+ et \u00e0 la favorisation de milieux de travail inclusifs. Cet \u00e9v\u00e8nement rassemblera des professionnel\u00b7les, des membres de la communaut\u00e9 et des personnes en recherche d\u2019emploi provenant de secteurs d\u2019activit\u00e9 et d\u2019horizons divers pour partager des exp\u00e9riences, \u00e9changer des id\u00e9es et \u00e9tablir des liens. B\u00e2tir des futurs queers est [&hellip;]<\/p>\n","protected":false},"author":28,"featured_media":0,"template":"","meta":{"_price":"","_stock":"","_tribe_ticket_header":"","_tribe_default_ticket_provider":"TEC\\Tickets\\Commerce\\Module","_tribe_ticket_capacity":"0","_ticket_start_date":"","_ticket_end_date":"","_tribe_ticket_show_description":"","_tribe_ticket_show_not_going":false,"_tribe_ticket_use_global_stock":"","_tribe_ticket_global_stock_level":"","_global_stock_mode":"","_global_stock_cap":"","_tribe_rsvp_for_event":"","_tribe_ticket_going_count":"","_tribe_ticket_not_going_count":"","_tribe_tickets_list":"[]","_tribe_ticket_has_attendee_info_fields":false,"_tribe_events_status":"","_tribe_events_status_reason":"","_tribe_events_is_hybrid":"","_tribe_events_is_virtual":"","_tribe_events_virtual_video_source":"","_tribe_events_virtual_embed_video":"","_tribe_events_virtual_linked_button_text":"","_tribe_events_virtual_linked_button":"","_tribe_events_virtual_show_embed_at":"","_tribe_events_virtual_show_embed_to":[],"_tribe_events_virtual_show_on_event":"","_tribe_events_virtual_show_on_views":"","_tribe_events_virtual_url":"","footnotes":"","_tec_slr_enabled":"","_tec_slr_layout":""},"tags":[],"tribe_events_cat":[37,35,34],"class_list":["post-4559338","tribe_events","type-tribe_events","status-publish","hentry","tribe_events_cat-leadership-fr","tribe_events_cat-networking-fr","tribe_events_cat-propride-fr","cat_leadership-fr","cat_networking-fr","cat_propride-fr"],"yoast_head":"<!-- This site is optimized with the Yoast SEO plugin v27.5 - https:\/\/yoast.com\/product\/yoast-seo-wordpress\/ -->\n<title>Montreal ProPride 2026 - Pride At Work Canada<\/title>\n<meta name=\"robots\" content=\"index, follow, max-snippet:-1, max-image-preview:large, max-video-preview:-1\" \/>\n<link rel=\"canonical\" href=\"https:\/\/prideatwork.ca\/fr\/event\/montreal-propride-2026\/\" \/>\n<meta property=\"og:locale\" content=\"fr_FR\" \/>\n<meta property=\"og:type\" content=\"article\" \/>\n<meta property=\"og:title\" content=\"Montreal ProPride 2026 - Pride At Work Canada\" \/>\n<meta property=\"og:description\" content=\"5 ao\u00fbt, 2026 | 16h30 \u00e1 21h30 HAE Fiert\u00e9 au travail vous convie \u00e0 une soir\u00e9e de r\u00e9seautage consacr\u00e9e \u00e0 la promotion des droits des personnes 2SLGBTQIA+ et \u00e0 la favorisation de milieux de travail inclusifs. Cet \u00e9v\u00e8nement rassemblera des professionnel\u00b7les, des membres de la communaut\u00e9 et des personnes en recherche d\u2019emploi provenant de secteurs d\u2019activit\u00e9 et d\u2019horizons divers pour partager des exp\u00e9riences, \u00e9changer des id\u00e9es et \u00e9tablir des liens. B\u00e2tir des futurs queers est [&hellip;]\" \/>\n<meta property=\"og:url\" content=\"https:\/\/prideatwork.ca\/fr\/event\/montreal-propride-2026\/\" \/>\n<meta property=\"og:site_name\" content=\"Pride At Work Canada\" \/>\n<meta property=\"article:modified_time\" content=\"2026-04-30T22:57:52+00:00\" \/>\n<meta property=\"og:image\" content=\"https:\/\/prideatwork.ca\/wp-content\/uploads\/2026\/04\/Montreal-2026-STD-FR.png\" \/>\n\t<meta property=\"og:image:width\" content=\"1200\" \/>\n\t<meta property=\"og:image:height\" content=\"675\" \/>\n\t<meta property=\"og:image:type\" content=\"image\/png\" \/>\n<meta name=\"twitter:card\" content=\"summary_large_image\" \/>\n<meta name=\"twitter:label1\" content=\"Dur\u00e9e de lecture estim\u00e9e\" \/>\n\t<meta name=\"twitter:data1\" content=\"2 minutes\" \/>\n<script type=\"application\/ld+json\" class=\"yoast-schema-graph\">{\"@context\":\"https:\\\/\\\/schema.org\",\"@graph\":[{\"@type\":\"WebPage\",\"@id\":\"https:\\\/\\\/prideatwork.ca\\\/fr\\\/event\\\/montreal-propride-2026\\\/\",\"url\":\"https:\\\/\\\/prideatwork.ca\\\/fr\\\/event\\\/montreal-propride-2026\\\/\",\"name\":\"Montreal ProPride 2026 - Pride At Work Canada\",\"isPartOf\":{\"@id\":\"https:\\\/\\\/prideatwork.ca\\\/#website\"},\"primaryImageOfPage\":{\"@id\":\"https:\\\/\\\/prideatwork.ca\\\/fr\\\/event\\\/montreal-propride-2026\\\/#primaryimage\"},\"image\":{\"@id\":\"https:\\\/\\\/prideatwork.ca\\\/fr\\\/event\\\/montreal-propride-2026\\\/#primaryimage\"},\"thumbnailUrl\":\"https:\\\/\\\/prideatwork.ca\\\/wp-content\\\/uploads\\\/2026\\\/04\\\/Montreal-2026-STD-FR.png\",\"datePublished\":\"2026-04-30T22:53:11+00:00\",\"dateModified\":\"2026-04-30T22:57:52+00:00\",\"breadcrumb\":{\"@id\":\"https:\\\/\\\/prideatwork.ca\\\/fr\\\/event\\\/montreal-propride-2026\\\/#breadcrumb\"},\"inLanguage\":\"fr-FR\",\"potentialAction\":[{\"@type\":\"ReadAction\",\"target\":[\"https:\\\/\\\/prideatwork.ca\\\/fr\\\/event\\\/montreal-propride-2026\\\/\"]}]},{\"@type\":\"ImageObject\",\"inLanguage\":\"fr-FR\",\"@id\":\"https:\\\/\\\/prideatwork.ca\\\/fr\\\/event\\\/montreal-propride-2026\\\/#primaryimage\",\"url\":\"https:\\\/\\\/prideatwork.ca\\\/wp-content\\\/uploads\\\/2026\\\/04\\\/Montreal-2026-STD-FR.png\",\"contentUrl\":\"https:\\\/\\\/prideatwork.ca\\\/wp-content\\\/uploads\\\/2026\\\/04\\\/Montreal-2026-STD-FR.png\"},{\"@type\":\"BreadcrumbList\",\"@id\":\"https:\\\/\\\/prideatwork.ca\\\/fr\\\/event\\\/montreal-propride-2026\\\/#breadcrumb\",\"itemListElement\":[{\"@type\":\"ListItem\",\"position\":1,\"name\":\"Home\",\"item\":\"https:\\\/\\\/prideatwork.ca\\\/fr\\\/\"},{\"@type\":\"ListItem\",\"position\":2,\"name\":\"\u00c9v\u00e8nements\",\"item\":\"https:\\\/\\\/prideatwork.ca\\\/fr\\\/events\\\/\"},{\"@type\":\"ListItem\",\"position\":3,\"name\":\"Montreal ProPride 2026\"}]},{\"@type\":\"WebSite\",\"@id\":\"https:\\\/\\\/prideatwork.ca\\\/#website\",\"url\":\"https:\\\/\\\/prideatwork.ca\\\/\",\"name\":\"Pride At Work Canada\",\"description\":\"\",\"potentialAction\":[{\"@type\":\"SearchAction\",\"target\":{\"@type\":\"EntryPoint\",\"urlTemplate\":\"https:\\\/\\\/prideatwork.ca\\\/?s={search_term_string}\"},\"query-input\":{\"@type\":\"PropertyValueSpecification\",\"valueRequired\":true,\"valueName\":\"search_term_string\"}}],\"inLanguage\":\"fr-FR\"}]}<\/script>\n<!-- \/ Yoast SEO plugin. -->","yoast_head_json":{"title":"Montreal ProPride 2026 - Pride At Work Canada","robots":{"index":"index","follow":"follow","max-snippet":"max-snippet:-1","max-image-preview":"max-image-preview:large","max-video-preview":"max-video-preview:-1"},"canonical":"https:\/\/prideatwork.ca\/fr\/event\/montreal-propride-2026\/","og_locale":"fr_FR","og_type":"article","og_title":"Montreal ProPride 2026 - Pride At Work Canada","og_description":"5 ao\u00fbt, 2026 | 16h30 \u00e1 21h30 HAE Fiert\u00e9 au travail vous convie \u00e0 une soir\u00e9e de r\u00e9seautage consacr\u00e9e \u00e0 la promotion des droits des personnes 2SLGBTQIA+ et \u00e0 la favorisation de milieux de travail inclusifs. Cet \u00e9v\u00e8nement rassemblera des professionnel\u00b7les, des membres de la communaut\u00e9 et des personnes en recherche d\u2019emploi provenant de secteurs d\u2019activit\u00e9 et d\u2019horizons divers pour partager des exp\u00e9riences, \u00e9changer des id\u00e9es et \u00e9tablir des liens. B\u00e2tir des futurs queers est [&hellip;]","og_url":"https:\/\/prideatwork.ca\/fr\/event\/montreal-propride-2026\/","og_site_name":"Pride At Work Canada","article_modified_time":"2026-04-30T22:57:52+00:00","og_image":[{"width":1200,"height":675,"url":"https:\/\/prideatwork.ca\/wp-content\/uploads\/2026\/04\/Montreal-2026-STD-FR.png","type":"image\/png"}],"twitter_card":"summary_large_image","twitter_misc":{"Dur\u00e9e de lecture estim\u00e9e":"2 minutes"},"schema":{"@context":"https:\/\/schema.org","@graph":[{"@type":"WebPage","@id":"https:\/\/prideatwork.ca\/fr\/event\/montreal-propride-2026\/","url":"https:\/\/prideatwork.ca\/fr\/event\/montreal-propride-2026\/","name":"Montreal ProPride 2026 - Pride At Work Canada","isPartOf":{"@id":"https:\/\/prideatwork.ca\/#website"},"primaryImageOfPage":{"@id":"https:\/\/prideatwork.ca\/fr\/event\/montreal-propride-2026\/#primaryimage"},"image":{"@id":"https:\/\/prideatwork.ca\/fr\/event\/montreal-propride-2026\/#primaryimage"},"thumbnailUrl":"https:\/\/prideatwork.ca\/wp-content\/uploads\/2026\/04\/Montreal-2026-STD-FR.png","datePublished":"2026-04-30T22:53:11+00:00","dateModified":"2026-04-30T22:57:52+00:00","breadcrumb":{"@id":"https:\/\/prideatwork.ca\/fr\/event\/montreal-propride-2026\/#breadcrumb"},"inLanguage":"fr-FR","potentialAction":[{"@type":"ReadAction","target":["https:\/\/prideatwork.ca\/fr\/event\/montreal-propride-2026\/"]}]},{"@type":"ImageObject","inLanguage":"fr-FR","@id":"https:\/\/prideatwork.ca\/fr\/event\/montreal-propride-2026\/#primaryimage","url":"https:\/\/prideatwork.ca\/wp-content\/uploads\/2026\/04\/Montreal-2026-STD-FR.png","contentUrl":"https:\/\/prideatwork.ca\/wp-content\/uploads\/2026\/04\/Montreal-2026-STD-FR.png"},{"@type":"BreadcrumbList","@id":"https:\/\/prideatwork.ca\/fr\/event\/montreal-propride-2026\/#breadcrumb","itemListElement":[{"@type":"ListItem","position":1,"name":"Home","item":"https:\/\/prideatwork.ca\/fr\/"},{"@type":"ListItem","position":2,"name":"\u00c9v\u00e8nements","item":"https:\/\/prideatwork.ca\/fr\/events\/"},{"@type":"ListItem","position":3,"name":"Montreal ProPride 2026"}]},{"@type":"WebSite","@id":"https:\/\/prideatwork.ca\/#website","url":"https:\/\/prideatwork.ca\/","name":"Pride At Work Canada","description":"","potentialAction":[{"@type":"SearchAction","target":{"@type":"EntryPoint","urlTemplate":"https:\/\/prideatwork.ca\/?s={search_term_string}"},"query-input":{"@type":"PropertyValueSpecification","valueRequired":true,"valueName":"search_term_string"}}],"inLanguage":"fr-FR"}]}},"ticketed":false,"_links":{"self":[{"href":"https:\/\/prideatwork.ca\/fr\/wp-json\/wp\/v2\/tribe_events\/4559338","targetHints":{"allow":["GET"]}}],"collection":[{"href":"https:\/\/prideatwork.ca\/fr\/wp-json\/wp\/v2\/tribe_events"}],"about":[{"href":"https:\/\/prideatwork.ca\/fr\/wp-json\/wp\/v2\/types\/tribe_events"}],"author":[{"embeddable":true,"href":"https:\/\/prideatwork.ca\/fr\/wp-json\/wp\/v2\/users\/28"}],"version-history":[{"count":3,"href":"https:\/\/prideatwork.ca\/fr\/wp-json\/wp\/v2\/tribe_events\/4559338\/revisions"}],"predecessor-version":[{"id":4559341,"href":"https:\/\/prideatwork.ca\/fr\/wp-json\/wp\/v2\/tribe_events\/4559338\/revisions\/4559341"}],"wp:attachment":[{"href":"https:\/\/prideatwork.ca\/fr\/wp-json\/wp\/v2\/media?parent=4559338"}],"wp:term":[{"taxonomy":"post_tag","embeddable":true,"href":"https:\/\/prideatwork.ca\/fr\/wp-json\/wp\/v2\/tags?post=4559338"},{"taxonomy":"tribe_events_cat","embeddable":true,"href":"https:\/\/prideatwork.ca\/fr\/wp-json\/wp\/v2\/tribe_events_cat?post=4559338"}],"curies":[{"name":"wp","href":"https:\/\/api.w.org\/{rel}","templated":true}]}}